{"id":554,"date":"2023-04-11T23:58:33","date_gmt":"2023-04-11T23:58:33","guid":{"rendered":"https:\/\/karrycargocr.com\/wp\/?page_id=554"},"modified":"2023-04-12T01:03:36","modified_gmt":"2023-04-12T01:03:36","slug":"servicio-logistica-internacional","status":"publish","type":"page","link":"https:\/\/karrycargocr.com\/wp\/?page_id=554","title":{"rendered":"Servicio Log\u00edstica Internacional"},"content":{"rendered":"<p>[et_pb_section fb_built=\u00bb1&#8243; _builder_version=\u00bb4.16&#8243; custom_margin=\u00bb25px||||false|false\u00bb custom_margin_tablet=\u00bb0px||||false|false\u00bb custom_margin_phone=\u00bb0px||||false|false\u00bb custom_margin_last_edited=\u00bbon|desktop\u00bb custom_padding=\u00bb0px||0px|||\u00bb bottom_divider_color=\u00bb#21357f\u00bb bottom_divider_height=\u00bb416px\u00bb bottom_divider_flip=\u00bbvertical\u00bb locked=\u00bboff\u00bb global_colors_info=\u00bb{}\u00bb][et_pb_row _builder_version=\u00bb4.16&#8243; width_tablet=\u00bb\u00bb width_phone=\u00bb80%\u00bb width_last_edited=\u00bbon|phone\u00bb module_alignment=\u00bbcenter\u00bb custom_margin=\u00bb|auto||-54px|false|false\u00bb custom_padding=\u00bb0px|||||\u00bb module_alignment_tablet=\u00bbcenter\u00bb module_alignment_phone=\u00bbcenter\u00bb module_alignment_last_edited=\u00bbon|phone\u00bb global_colors_info=\u00bb{}\u00bb][et_pb_column type=\u00bb4_4&#8243; _builder_version=\u00bb4.16&#8243; global_colors_info=\u00bb{}\u00bb][et_pb_slider _builder_version=\u00bb4.20.2&#8243; background_image=\u00bbhttps:\/\/karrycargocr.com\/wp\/wp-content\/uploads\/2023\/04\/Slider.png\u00bb width_tablet=\u00bb\u00bb width_phone=\u00bb\u00bb width_last_edited=\u00bbon|phone\u00bb custom_margin=\u00bb|-70px||-70px|false|false\u00bb custom_margin_tablet=\u00bb|-20px||-20px|false|false\u00bb custom_margin_phone=\u00bb|-15px||-15px|false|false\u00bb custom_margin_last_edited=\u00bbon|desktop\u00bb custom_padding=\u00bb|||0px||\u00bb animation_style=\u00bbfade\u00bb animation_speed_curve=\u00bblinear\u00bb auto=\u00bbon\u00bb global_colors_info=\u00bb{}\u00bb][et_pb_slide arrows_custom_color=\u00bb#21367f\u00bb dot_nav_custom_color=\u00bb#21367f\u00bb _builder_version=\u00bb4.20.2&#8243; background_enable_color=\u00bboff\u00bb background_image=\u00bbhttps:\/\/karrycargocr.com\/wp\/wp-content\/uploads\/2023\/04\/Slider_1.png\u00bb background_enable_image=\u00bbon\u00bb global_colors_info=\u00bb{}\u00bb sticky_transition=\u00bbon\u00bb][\/et_pb_slide][et_pb_slide arrows_custom_color=\u00bb#21367f\u00bb dot_nav_custom_color=\u00bb#21367f\u00bb _builder_version=\u00bb4.20.2&#8243; background_enable_color=\u00bboff\u00bb background_image=\u00bbhttps:\/\/karrycargocr.com\/wp\/wp-content\/uploads\/2023\/04\/Slider.png\u00bb background_enable_image=\u00bbon\u00bb global_colors_info=\u00bb{}\u00bb sticky_transition=\u00bbon\u00bb][\/et_pb_slide][\/et_pb_slider][\/et_pb_column][\/et_pb_row][et_pb_row _builder_version=\u00bb4.20.2&#8243; _module_preset=\u00bbdefault\u00bb global_colors_info=\u00bb{}\u00bb][et_pb_column type=\u00bb4_4&#8243; _builder_version=\u00bb4.20.2&#8243; _module_preset=\u00bbdefault\u00bb global_colors_info=\u00bb{}\u00bb][et_pb_text admin_label=\u00bbTRAER PAQUETES\u00bb _builder_version=\u00bb4.20.2&#8243; text_font=\u00bbBarlow|700|||||||\u00bb text_text_color=\u00bb#009b67&#8243; text_font_size=\u00bb35px\u00bb text_orientation=\u00bbcenter\u00bb background_layout=\u00bbdark\u00bb text_font_size_tablet=\u00bb25px\u00bb text_font_size_phone=\u00bb20px\u00bb text_font_size_last_edited=\u00bbon|tablet\u00bb text_text_shadow_style=\u00bbpreset2&#8243; locked=\u00bboff\u00bb global_colors_info=\u00bb{}\u00bb]<\/p>\n<p>NUESTROS SERVICIOS EN LOG\u00cdSTICA INTERNACIONAL DE CARGA<\/p>\n<p>[\/et_pb_text][\/et_pb_column][\/et_pb_row][et_pb_row _builder_version=\u00bb4.20.2&#8243; _module_preset=\u00bbdefault\u00bb global_colors_info=\u00bb{}\u00bb][et_pb_column type=\u00bb4_4&#8243; _builder_version=\u00bb4.20.2&#8243; _module_preset=\u00bbdefault\u00bb global_colors_info=\u00bb{}\u00bb][et_pb_text _builder_version=\u00bb4.20.2&#8243; text_font=\u00bbBarlow||||||||\u00bb text_text_color=\u00bb#21367f\u00bb text_font_size=\u00bb25px\u00bb text_orientation=\u00bbcenter\u00bb hover_enabled=\u00bb0&#8243; locked=\u00bboff\u00bb global_colors_info=\u00bb{}\u00bb sticky_enabled=\u00bb0&#8243;]<\/p>\n<p>Karry Cargo es m\u00e1s que un casillero internacional. Contamos con amplia experiencia en la log\u00edstica\u00a0y transporte internacional de carga.<\/p>\n<p>[\/et_pb_text][\/et_pb_column][\/et_pb_row][et_pb_row column_structure=\u00bb1_4,1_4,1_4,1_4&#8243; _builder_version=\u00bb4.20.2&#8243; _module_preset=\u00bbdefault\u00bb global_colors_info=\u00bb{}\u00bb][et_pb_column type=\u00bb1_4&#8243; _builder_version=\u00bb4.20.2&#8243; _module_preset=\u00bbdefault\u00bb global_colors_info=\u00bb{}\u00bb][et_pb_blurb title=\u00bbImportaci\u00f3n de Carga:\u00bb image=\u00bbhttps:\/\/karrycargocr.com\/wp\/wp-content\/uploads\/2023\/04\/Importacio\u2560un-de-Carga.png\u00bb image_icon_width_tablet=\u00bb75%\u00bb image_icon_width_phone=\u00bb75%\u00bb image_icon_width_last_edited=\u00bbon|tablet\u00bb _builder_version=\u00bb4.20.2&#8243; header_font=\u00bbBarlow||||||||\u00bb header_text_align=\u00bbcenter\u00bb header_text_color=\u00bb#009b67&#8243; body_font=\u00bbBarlow||||||||\u00bb body_text_align=\u00bbcenter\u00bb body_text_color=\u00bb#21367f\u00bb image_max_width_tablet=\u00bb75%\u00bb image_max_width_phone=\u00bb75%\u00bb image_max_width_last_edited=\u00bbon|tablet\u00bb locked=\u00bboff\u00bb global_colors_info=\u00bb{}\u00bb]<\/p>\n<p><strong>Contenedores completos (FCL):<\/strong><\/p>\n<p>De importaci\u00f3n o exportaci\u00f3n, secos o refrigerados, desde y hacia Costa Rica y en general de Centroam\u00e9rica para cualquier origen o destino.<\/p>\n<p><strong>Carga consolidada (LCL):<\/strong><\/p>\n<p>Desde USA, Europa, Asia, M\u00e9xico, Centro Am\u00e9rica y Sur Am\u00e9rica, hacia Costa Rica.<\/p>\n<p>[\/et_pb_blurb][\/et_pb_column][et_pb_column type=\u00bb1_4&#8243; _builder_version=\u00bb4.20.2&#8243; _module_preset=\u00bbdefault\u00bb global_colors_info=\u00bb{}\u00bb][et_pb_blurb title=\u00bbCarga A\u00e9rea:\u00bb image=\u00bbhttps:\/\/karrycargocr.com\/wp\/wp-content\/uploads\/2023\/04\/Carga-Ae\u2560urea.png\u00bb image_icon_width_tablet=\u00bb75%\u00bb image_icon_width_phone=\u00bb75%\u00bb image_icon_width_last_edited=\u00bbon|desktop\u00bb _builder_version=\u00bb4.20.2&#8243; header_font=\u00bbBarlow||||||||\u00bb header_text_color=\u00bb#009b67&#8243; body_font=\u00bbBarlow||||||||\u00bb body_text_color=\u00bb#21367f\u00bb text_orientation=\u00bbcenter\u00bb image_max_width_tablet=\u00bb75%\u00bb image_max_width_phone=\u00bb75%\u00bb image_max_width_last_edited=\u00bbon|desktop\u00bb locked=\u00bboff\u00bb global_colors_info=\u00bb{}\u00bb]<\/p>\n<p>Consolidaci\u00f3n de carga, transporte, documentaci\u00f3n y tr\u00e1mites bajo la modalidad de transporte a\u00e9reo.<\/p>\n<p>[\/et_pb_blurb][\/et_pb_column][et_pb_column type=\u00bb1_4&#8243; _builder_version=\u00bb4.20.2&#8243; _module_preset=\u00bbdefault\u00bb global_colors_info=\u00bb{}\u00bb][et_pb_blurb title=\u00bbFletes internos en origen:\u00bb image=\u00bbhttps:\/\/karrycargocr.com\/wp\/wp-content\/uploads\/2023\/04\/Fletes-internos-en-origen.png\u00bb image_icon_width_tablet=\u00bb75%\u00bb image_icon_width_phone=\u00bb75%\u00bb image_icon_width_last_edited=\u00bbon|desktop\u00bb content_tablet=\u00bb\u00bb content_phone=\u00bb\u00bb content_last_edited=\u00bbon|phone\u00bb _builder_version=\u00bb4.20.2&#8243; header_font=\u00bbBarlow||||||||\u00bb header_text_color=\u00bb#009b67&#8243; body_font=\u00bbBarlow||||||||\u00bb body_text_color=\u00bb#21367f\u00bb text_orientation=\u00bbcenter\u00bb body_text_align_tablet=\u00bb\u00bb body_text_align_phone=\u00bb\u00bb body_text_align_last_edited=\u00bbon|phone\u00bb image_max_width_tablet=\u00bb75%\u00bb image_max_width_phone=\u00bb75%\u00bb image_max_width_last_edited=\u00bbon|desktop\u00bb locked=\u00bboff\u00bb global_colors_info=\u00bb{}\u00bb max_width__hover_enabled=\u00bbon|desktop\u00bb]<\/p>\n<p style=\"text-align: left;\">\u200bDesde una caja hasta medio cami\u00f3n realizamos fletes internos de todo tipo de mercader\u00eda a tarifas altamente competitivas en alianza con los mejores<br \/>transportistas de la industria para poder ofrecerle a nuestros clientes un servicio efectivo y confiable.<\/p>\n<p>[\/et_pb_blurb][\/et_pb_column][et_pb_column type=\u00bb1_4&#8243; _builder_version=\u00bb4.20.2&#8243; _module_preset=\u00bbdefault\u00bb global_colors_info=\u00bb{}\u00bb][et_pb_blurb title=\u00bbSeguros:\u00bb image=\u00bbhttps:\/\/karrycargocr.com\/wp\/wp-content\/uploads\/2023\/04\/Seguros.png\u00bb image_icon_width_tablet=\u00bb75%\u00bb image_icon_width_phone=\u00bb75%\u00bb image_icon_width_last_edited=\u00bbon|tablet\u00bb _builder_version=\u00bb4.20.2&#8243; header_font=\u00bbBarlow||||||||\u00bb header_text_color=\u00bb#009b67&#8243; body_font=\u00bbBarlow||||||||\u00bb body_text_color=\u00bb#21367f\u00bb image_max_width_tablet=\u00bb75%\u00bb image_max_width_phone=\u00bb75%\u00bb image_max_width_last_edited=\u00bbon|tablet\u00bb locked=\u00bboff\u00bb global_colors_info=\u00bb{}\u00bb]<\/p>\n<p data-ccp-props=\"{&quot;335551550&quot;:6,&quot;335551620&quot;:6,&quot;335559683&quot;:0,&quot;335559685&quot;:0,&quot;335559731&quot;:0,&quot;335559737&quot;:0,&quot;335562764&quot;:2,&quot;335562765&quot;:1,&quot;335562766&quot;:4,&quot;335562767&quot;:0,&quot;335562768&quot;:4,&quot;335562769&quot;:0}\"><span>Le ofrecemos la opci\u00f3n de asegurar su carga, viajando bajo cualquier medio de<br \/>transporte, desde el lugar de recogida hasta el destino final, a tarifas altamente competitivas.\u200b<\/span><\/p>\n<p>[\/et_pb_blurb][\/et_pb_column][\/et_pb_row][et_pb_row column_structure=\u00bb1_3,1_3,1_3&#8243; _builder_version=\u00bb4.20.2&#8243; _module_preset=\u00bbdefault\u00bb locked=\u00bboff\u00bb global_colors_info=\u00bb{}\u00bb][et_pb_column type=\u00bb1_3&#8243; _builder_version=\u00bb4.20.2&#8243; _module_preset=\u00bbdefault\u00bb global_colors_info=\u00bb{}\u00bb][et_pb_blurb title=\u00bbExportaci\u00f3n de Carga:\u00bb image=\u00bbhttps:\/\/karrycargocr.com\/wp\/wp-content\/uploads\/2023\/04\/Exportacio\u2560un-de-Carga.png\u00bb image_icon_width=\u00bb85%\u00bb _builder_version=\u00bb4.20.2&#8243; header_font=\u00bbBarlow||||||||\u00bb header_text_color=\u00bb#009b67&#8243; body_font=\u00bbBarlow||||||||\u00bb body_text_color=\u00bb#21367f\u00bb image_max_width_tablet=\u00bb75%\u00bb image_max_width_phone=\u00bb75%\u00bb image_max_width_last_edited=\u00bbon|tablet\u00bb locked=\u00bboff\u00bb global_colors_info=\u00bb{}\u00bb]<\/p>\n<p><strong>Transporte terrestre:<\/strong> ofrecemos transporte terrestre de carga consolidada y de furgones, para despachos locales hacia Centroam\u00e9rica.<\/p>\n<p><strong>Transporte mar\u00edtimo:<\/strong> ofrecemos servicio de exportaci\u00f3n de contenedores secos o refrigerados desde Costa Rica hacia otros destinos.<\/p>\n<p>[\/et_pb_blurb][\/et_pb_column][et_pb_column type=\u00bb1_3&#8243; _builder_version=\u00bb4.20.2&#8243; _module_preset=\u00bbdefault\u00bb global_colors_info=\u00bb{}\u00bb][et_pb_blurb title=\u00bbAgencia Aduanal:\u00bb image=\u00bbhttps:\/\/karrycargocr.com\/wp\/wp-content\/uploads\/2023\/04\/Agencia-Aduanal.png\u00bb image_icon_width=\u00bb85%\u00bb image_icon_width_tablet=\u00bb75%\u00bb image_icon_width_phone=\u00bb75%\u00bb image_icon_width_last_edited=\u00bbon|desktop\u00bb _builder_version=\u00bb4.20.2&#8243; header_font=\u00bbBarlow||||||||\u00bb header_text_color=\u00bb#009b67&#8243; body_font=\u00bbBarlow||||||||\u00bb body_text_color=\u00bb#21367f\u00bb text_orientation=\u00bbcenter\u00bb image_max_width_tablet=\u00bb75%\u00bb image_max_width_phone=\u00bb75%\u00bb image_max_width_last_edited=\u00bbon|desktop\u00bb locked=\u00bboff\u00bb global_colors_info=\u00bb{}\u00bb]<\/p>\n<p>Contamos con agentes aduaneros 100% capacitados y con el conocimiento amplio para poder dar el asesoramiento que el cliente necesita.<\/p>\n<p>[\/et_pb_blurb][\/et_pb_column][et_pb_column type=\u00bb1_3&#8243; _builder_version=\u00bb4.20.2&#8243; _module_preset=\u00bbdefault\u00bb global_colors_info=\u00bb{}\u00bb][et_pb_blurb title=\u00bbAlmac\u00e9n Fiscal y Almac\u00e9n General:\u00bb image=\u00bbhttps:\/\/karrycargocr.com\/wp\/wp-content\/uploads\/2023\/04\/Almace\u2560un-Fiscal-y-Almace\u2560un-General.png\u00bb image_icon_width=\u00bb85%\u00bb image_icon_width_tablet=\u00bb75%\u00bb image_icon_width_phone=\u00bb75%\u00bb image_icon_width_last_edited=\u00bbon|desktop\u00bb content_tablet=\u00bb\u00bb content_phone=\u00bb\u00bb content_last_edited=\u00bbon|phone\u00bb _builder_version=\u00bb4.20.2&#8243; header_font=\u00bbBarlow||||||||\u00bb header_text_color=\u00bb#009b67&#8243; body_font=\u00bbBarlow||||||||\u00bb body_text_color=\u00bb#21367f\u00bb text_orientation=\u00bbcenter\u00bb body_text_align_tablet=\u00bb\u00bb body_text_align_phone=\u00bb\u00bb body_text_align_last_edited=\u00bbon|phone\u00bb image_max_width_tablet=\u00bb75%\u00bb image_max_width_phone=\u00bb75%\u00bb image_max_width_last_edited=\u00bbon|desktop\u00bb locked=\u00bboff\u00bb global_colors_info=\u00bb{}\u00bb max_width__hover_enabled=\u00bbon|desktop\u00bb]<\/p>\n<p style=\"text-align: left;\">Contamos con los mejores almacenes fiscales, lo que nos permite brindar el mejor trato y tarifas que nuestros clientes se merecen.<\/p>\n<p>[\/et_pb_blurb][\/et_pb_column][\/et_pb_row][\/et_pb_section]<\/p>\n","protected":false},"excerpt":{"rendered":"<p>NUESTROS SERVICIOS EN LOG\u00cdSTICA INTERNACIONAL DE CARGAKarry Cargo es m\u00e1s que un casillero internacional. Contamos con amplia experiencia en la log\u00edstica\u00a0y transporte internacional de carga.Contenedores completos (FCL): De importaci\u00f3n o exportaci\u00f3n, secos o refrigerados, desde y hacia Costa Rica y en general de Centroam\u00e9rica para cualquier origen o destino. Carga consolidada (LCL): Desde USA, Europa, [&hellip;]<\/p>\n","protected":false},"author":1,"featured_media":0,"parent":0,"menu_order":0,"comment_status":"closed","ping_status":"closed","template":"","meta":{"_et_pb_use_builder":"on","_et_pb_old_content":"<!-- wp:divi\/placeholder \/-->","_et_gb_content_width":"","footnotes":""},"class_list":["post-554","page","type-page","status-publish","hentry"],"_links":{"self":[{"href":"https:\/\/karrycargocr.com\/wp\/index.php?rest_route=\/wp\/v2\/pages\/554","targetHints":{"allow":["GET"]}}],"collection":[{"href":"https:\/\/karrycargocr.com\/wp\/index.php?rest_route=\/wp\/v2\/pages"}],"about":[{"href":"https:\/\/karrycargocr.com\/wp\/index.php?rest_route=\/wp\/v2\/types\/page"}],"author":[{"embeddable":true,"href":"https:\/\/karrycargocr.com\/wp\/index.php?rest_route=\/wp\/v2\/users\/1"}],"replies":[{"embeddable":true,"href":"https:\/\/karrycargocr.com\/wp\/index.php?rest_route=%2Fwp%2Fv2%2Fcomments&post=554"}],"version-history":[{"count":21,"href":"https:\/\/karrycargocr.com\/wp\/index.php?rest_route=\/wp\/v2\/pages\/554\/revisions"}],"predecessor-version":[{"id":590,"href":"https:\/\/karrycargocr.com\/wp\/index.php?rest_route=\/wp\/v2\/pages\/554\/revisions\/590"}],"wp:attachment":[{"href":"https:\/\/karrycargocr.com\/wp\/index.php?rest_route=%2Fwp%2Fv2%2Fmedia&parent=554"}],"curies":[{"name":"wp","href":"https:\/\/api.w.org\/{rel}","templated":true}]}}